{"id":1475,"date":"2020-12-15T18:53:17","date_gmt":"2020-12-15T17:53:17","guid":{"rendered":"http:\/\/www2.sanmarinointernational.com\/?page_id=1475"},"modified":"2022-02-19T10:45:40","modified_gmt":"2022-02-19T09:45:40","slug":"privacy-policy","status":"publish","type":"page","link":"https:\/\/www.sanmarinointernational.com\/es\/privacy-policy\/","title":{"rendered":"Pol\u00edtica de privacidad"},"content":{"rendered":"\n<h1 class=\"wp-block-heading\" id=\"politica-de-privacidad-de-sanmarinointernational-com\">Pol\u00edtica de privacidad de <strong>sanmarinointernational.com<\/strong><\/h1>\n\n\n\n<p>Esta P\u00e1gina Web recoge algunos Datos Personales de sus Usuarios.<\/p>\n\n\n\n<p>El presente documento puede imprimirse como referencia utilizando el comando de impresi\u00f3n en las opciones de configuraci\u00f3n de cualquier navegador.<\/p>\n\n\n\n<h2 class=\"wp-block-heading\" id=\"owner_of_the_data\">Titular y Responsable del tratamiento de los Datos<\/h2>\n\n\n\n<p>San Marino International SRL &#8211; Via Onesto Scavino, 10, 47891 Falciano (RSM)<\/p>\n\n\n\n<p><strong>Correo electr\u00f3nico de contacto del Titular:<\/strong> info@sanmarinointernational.com<\/p>\n\n\n\n<h2 class=\"wp-block-heading\" id=\"types_of_data\">Clases de Datos recogidos<\/h2>\n\n\n\n<p>Entre las clases de Datos Personales que recoge esta P\u00e1gina Web, ya sea directamente o a trav\u00e9s de terceros, se encuentran: n\u00famero de tel\u00e9fono; nombre; apellido(s); direcci\u00f3n de correo electr\u00f3nico; username; password; N\u00famero de Identificaci\u00f3n Fiscal a efectos de IVA; raz\u00f3n social; Cookies; Datos de uso.<\/p>\n\n\n\n<p>La informaci\u00f3n completa referente a cada categor\u00eda de Datos Personales que se recogen se proporciona en las secciones de la presente pol\u00edtica de privacidad dedicadas a tal fin o mediante textos explicativos espec\u00edficos que se muestran antes de la recogida de dichos Datos.<br>Los Datos Personales podr\u00e1n ser proporcionados libremente por el Usuario o, en caso de los Datos de Uso, ser\u00e1n recogidos autom\u00e1ticamente cuando se utilice esta P\u00e1gina Web.<br>Todos los Datos solicitados por esta P\u00e1gina Web son obligatorios y la negativa a proporcionarlos podr\u00e1 imposibilitar que esta P\u00e1gina Web pueda proceder a la prestaci\u00f3n del Servicio. En los casos en los que esta P\u00e1gina Web indique espec\u00edficamente que ciertos Datos no son obligatorios, los Usuarios ser\u00e1n libres de no comunicar tales Datos sin que esto tenga consecuencia alguna sobre la disponibilidad o el funcionamiento del Servicio. Los Usuarios que tengan dudas sobre qu\u00e9 Datos son obligatorios pueden contactar con el Titular.<br>El uso de Cookies &#8211; o de otras herramientas de seguimiento &#8211; por parte de esta P\u00e1gina Web o por los titulares de servicios de terceros utilizados por esta P\u00e1gina Web tiene como finalidad la prestaci\u00f3n del Servicio solicitado por el Usuario, adem\u00e1s de cualesquiera otras finalidades que se describan en el presente documento y en la Pol\u00edtica de Cookies, en caso de estar disponible.<\/p>\n\n\n\n<p>El Usuario asume la responsabilidad respecto de los Datos Personales de terceros que se obtengan, publiquen o compartan a trav\u00e9s de esta P\u00e1gina Web y declara por la presente que tiene el consentimiento de dichos terceros para proporcionar dichos Datos al Titular.<\/p>\n\n\n\n<h2 class=\"wp-block-heading\" id=\"place_of_processing\">Modalidad y lugar del tratamiento de los Datos recogidos<\/h2>\n\n\n\n<h3 class=\"wp-block-heading\" id=\"modalidades-de-tratamiento\">Modalidades de Tratamiento<\/h3>\n\n\n\n<p>El Titular tratar\u00e1 los Datos de los Usuarios de manera adecuada y adoptar\u00e1 las medidas de seguridad apropiadas para impedir el acceso, la revelaci\u00f3n, alteraci\u00f3n o destrucci\u00f3n no autorizados de los Datos.<br>El tratamiento de Datos se realizar\u00e1 mediante ordenadores y\/o herramientas inform\u00e1ticas, siguiendo procedimientos y modalidades organizativas estrictamente relacionadas con las finalidades se\u00f1aladas. Adem\u00e1s del Titular, en algunos casos podr\u00e1n acceder a los Datos ciertas categor\u00edas de personas autorizadas, relacionadas con el funcionamiento de esta P\u00e1gina Web (administraci\u00f3n, ventas, marketing, departamento jur\u00eddico y de administraci\u00f3n de sistemas) o contratistas externos que presten servicios al Titular (tales como proveedores externos de servicios t\u00e9cnicos, empresas de mensajer\u00eda, empresas de hosting, empresas de inform\u00e1tica, agencias de comunicaci\u00f3n) que ser\u00e1n nombrados por el Titular como Encargados del Tratamiento, si fuera necesario. Se podr\u00e1 solicitar al Titular en cualquier momento una lista actualizada de dichas personas.<\/p>\n\n\n\n<h3 class=\"wp-block-heading\" id=\"base-juridica-del-tratamiento\">Base jur\u00eddica del Tratamiento<\/h3>\n\n\n\n<p>El Titular podr\u00e1 tratar los Datos Personales del Usuario, si se cumple una de las siguientes condiciones:<\/p>\n\n\n\n<ul class=\"wp-block-list\"><li>Cuando los Usuarios hayan dado su consentimiento para una o m\u00e1s finalidades espec\u00edficas. Aviso: Al amparo de varias legislaciones diferentes, el Titular podr\u00e1 estar autorizado a tratar los Datos Personales hasta que el Usuario se oponga a ello (\u201copci\u00f3n de no participaci\u00f3n\u201d), sin necesidad de consentimiento o de cualquier otra base jur\u00eddica. Sin embargo, esto no ser\u00e1 aplicable cuando el tratamiento de los Datos Personales est\u00e9 sujeto a la normativa europea en materia de protecci\u00f3n de Datos Personales;<\/li><li>Cuando la obtenci\u00f3n de Datos sea necesaria para el cumplimiento de un contrato entre el Usuario y\/o cualquier otra obligaci\u00f3n precontractual del mismo;<\/li><li>Cuando el tratamiento sea necesario para el cumplimiento de una obligaci\u00f3n legal de obligado cumplimiento por parte del Usuario;<\/li><li>Cuando el tratamiento est\u00e9 relacionado con una tarea ejecutada en inter\u00e9s p\u00fablico o en el ejercicio de competencias oficiales otorgadas al Titular;<\/li><li>Cuando el tratamiento sea necesario con el fin de un inter\u00e9s leg\u00edtimo perseguido por el Titular o un tercero.<\/li><\/ul>\n\n\n\n<p>En cualquier caso, el Titular est\u00e1 a su disposici\u00f3n para definir las bases jur\u00eddicas espec\u00edficas que se aplican al tratamiento y en particular, si la obtenci\u00f3n de los Datos Personales es un requisito contractual o estatutario o un requisito necesario para formalizar un contrato.<\/p>\n\n\n\n<h3 class=\"wp-block-heading\" id=\"lugar\">Lugar<\/h3>\n\n\n\n<p>Los Datos se tratan en las oficinas del Titular, as\u00ed como en cualquier otro lugar en el que se encuentren situadas las partes implicadas en dicho proceso de tratamiento.<br>Dependiendo de la localizaci\u00f3n de los Usuarios, las transferencias de Datos pueden implicar la transferencia de los Datos de los Usuarios a otro pa\u00eds diferente al suyo propio. Para m\u00e1s informaci\u00f3n sobre el lugar de tratamiento de dichos Datos transferidos, los Usuarios podr\u00e1n consultar la secci\u00f3n que contiene los detalles sobre el tratamiento de los Datos Personales.<\/p>\n\n\n\n<p>Los Usuarios tambi\u00e9n tendr\u00e1n derecho a conocer las bases legales de las transferencias de Datos a otro pa\u00eds fuera de la Uni\u00f3n Europea o a cualquier organismo internacional que se rija por el Derecho P\u00fablico Internacional o que est\u00e9 formado por dos o m\u00e1s pa\u00edses, como la ONU, y adem\u00e1s conocer las medidas de seguridad tomadas por el Titular para salvaguardar sus Datos.<\/p>\n\n\n\n<p>En caso de que tuviera lugar dicha transferencia de Datos, los Usuarios podr\u00e1n obtener m\u00e1s informaci\u00f3n consultando las secciones relevantes del presente documento o solicit\u00e1ndola al Titular, a trav\u00e9s de la informaci\u00f3n de contacto que aparece en la secci\u00f3n de contacto.<\/p>\n\n\n\n<h3 class=\"wp-block-heading\" id=\"periodo-de-conservacion\">Per\u00edodo de conservaci\u00f3n<\/h3>\n\n\n\n<p>Los Datos Personales ser\u00e1n tratados y conservados durante el tiempo necesario y para la finalidad por la que han sido recogidos.<\/p>\n\n\n\n<p>Por lo tanto:<\/p>\n\n\n\n<ul class=\"wp-block-list\"><li>Los Datos Personales recogidos para la formalizaci\u00f3n de un contrato entre el Titular y el Usuario deber\u00e1n conservarse como tales hasta en tanto dicho contrato se haya formalizado por completo.<\/li><li>Los Datos Personales recogidos en leg\u00edtimo inter\u00e9s del Titular deber\u00e1n conservarse durante el tiempo necesario para cumplir con dicha finalidad. Los Usuarios pueden encontrar informaci\u00f3n espec\u00edfica relacionada con el inter\u00e9s leg\u00edtimo del Titular consultando las secciones relevantes del presente documento o contactando con el Titular.<\/li><\/ul>\n\n\n\n<p>El Titular podr\u00e1 conservar los Datos Personales durante un periodo adicional cuando el Usuario preste su consentimiento a tal tratamiento, siempre que dicho consentimiento siga vigente. Adem\u00e1s, el Titular estar\u00e1 obligado a conservar Datos Personales durante un periodo adicional siempre que se precise para el cumplimiento de una obligaci\u00f3n legal o por orden que proceda de la autoridad.<\/p>\n\n\n\n<p>Una vez terminado el per\u00edodo de conservaci\u00f3n, los Datos Personales deber\u00e1n eliminarse. Por lo tanto, los derechos de acceso, modificaci\u00f3n, rectificaci\u00f3n y portabilidad de datos no podr\u00e1n ejercerse una vez haya expirado dicho periodo.<\/p>\n\n\n\n<h2 class=\"wp-block-heading\" id=\"use_collected_data\">Finalidad del Tratamiento de los Datos recogidos<\/h2>\n\n\n\n<p>Los Datos relativos al Usuario son recogidos para permitir al Titular prestar su Servicio, cumplir sus obligaciones legales, responder a solicitudes de ejecuci\u00f3n, proteger sus derechos e intereses (o los de sus Usuarios o terceros), detectar cualquier actividad maliciosa o fraudulenta, as\u00ed como para las siguientes finalidades: Contactar con el Usuario, Registro y autenticaci\u00f3n prestados directamente por esta P\u00e1gina Web y Estad\u00edsticas.<\/p>\n\n\n\n<p>Los Usuarios pueden encontrar informaci\u00f3n espec\u00edfica los Datos personales utilizados para cada finalidad en la secci\u00f3n \u201cInformaci\u00f3n detallada del Tratamiento de los Datos Personales\u201d.<\/p>\n\n\n\n<h2 class=\"wp-block-heading\" id=\"data_processing_detailed_info\">Informaci\u00f3n detallada del Tratamiento de los Datos Personales<\/h2>\n\n\n\n<p>Los Datos Personales se recogen para las siguientes finalidades y utilizando los siguientes servicios:<\/p>\n\n\n\n<h3 class=\"wp-block-heading\" id=\"contactar-con-el-usuario\">Contactar con el Usuario<\/h3>\n\n\n\n<h4 class=\"wp-block-heading\" id=\"contacto-telefonico-esta-pagina-web\">Contacto telef\u00f3nico (esta P\u00e1gina Web)<\/h4>\n\n\n\n<p>Los Usuarios que hayan proporcionado sus n\u00fameros de tel\u00e9fono podr\u00e1n ser contactados para fines comerciales o promocionales relacionados con esta P\u00e1gina Web, as\u00ed como para satisfacer las solicitudes de asistencia.<\/p>\n\n\n\n<p>Datos Personales tratados: n\u00famero de tel\u00e9fono.<\/p>\n\n\n\n<h4 class=\"wp-block-heading\" id=\"formulario-de-contacto-esta-pagina-web\">Formulario de contacto (esta P\u00e1gina Web)<\/h4>\n\n\n\n<p>Al rellenar el formulario de contacto con sus Datos, el Usuario autoriza a esta P\u00e1gina Web a utilizar dichos datos para responder a solicitudes de informaci\u00f3n, de presupuestos o de cualquier otro tipo que est\u00e9 indicado en el encabezamiento del formulario.<\/p>\n\n\n\n<p>Datos Personales tratados: apellido(s); direcci\u00f3n de correo electr\u00f3nico; nombre; n\u00famero de tel\u00e9fono.<\/p>\n\n\n\n<h3 class=\"wp-block-heading\" id=\"estadisticas\">Estad\u00edsticas<\/h3>\n\n\n\n<p>Los servicios contenidos en esta secci\u00f3n permiten al Titular monitorizar y analizar el tr\u00e1fico web y pueden ser utilizados para rastrear el comportamiento del Usuario.<\/p>\n\n\n\n<h4 class=\"wp-block-heading\" id=\"sistema-de-estadisticas-propio-esta-pagina-web\">Sistema de estad\u00edsticas propio (esta P\u00e1gina Web)<\/h4>\n\n\n\n<p>Esta P\u00e1gina Web utiliza un sistema de estad\u00edsticas interno que no involucra a terceros.<\/p>\n\n\n\n<p>Datos Personales tratados: Cookies; Datos de uso.<\/p>\n\n\n\n<h3 class=\"wp-block-heading\" id=\"registro-y-autenticacion-prestados-directamente-por-esta-pagina-web\">Registro y autenticaci\u00f3n prestados directamente por esta P\u00e1gina Web<\/h3>\n\n\n\n<p>Al registrarse o autenticarse, el Usuario permite que esta P\u00e1gina Web le identifique y le d\u00e9 acceso a los servicios dedicados. Los Datos personales se recogen y almacenan \u00fanicamente para fines de registro o identificaci\u00f3n. Solo se recogen los Datos necesarios para la prestaci\u00f3n del servicio solicitado por los Usuarios.<\/p>\n\n\n\n<h4 class=\"wp-block-heading\" id=\"registro-directo-esta-pagina-web\">Registro directo (esta P\u00e1gina Web)<\/h4>\n\n\n\n<p>El Usuario se registra rellenando el formulario de registro y proporcionando sus Datos Personales directamente a esta P\u00e1gina Web.<\/p>\n\n\n\n<p>Datos Personales tratados: apellido(s); direcci\u00f3n de correo electr\u00f3nico; nombre; N\u00famero de Identificaci\u00f3n Fiscal a efectos de IVA; n\u00famero de tel\u00e9fono; password; raz\u00f3n social; username.<\/p>\n\n\n\n<h3 class=\"wp-block-heading\" id=\"informacion-adicional-acerca-de-los-datos-personales\">Informaci\u00f3n adicional acerca de los Datos Personales<\/h3>\n\n\n\n<h4 class=\"wp-block-heading\" id=\"analisis-y-predicciones-basadas-en-los-datos-de-los-usuarios-elaboracion-de-perfiles\">An\u00e1lisis y predicciones basadas en los Datos de los Usuarios (\u201celaboraci\u00f3n de perfiles\u201d)<\/h4>\n\n\n\n<p>El Titular podr\u00e1 usar los Datos Personales y el Uso de Datos recogidos a trav\u00e9s de esta P\u00e1gina Web para crear o actualizar los perfiles de los Usuarios. Este tipo de tratamiento de Datos permite al Titular evaluar las elecciones, preferencias y comportamientos de los Usuarios con las finalidades subrayadas en la respectiva secci\u00f3n del presente documento.<br>Los perfiles de los Usuarios pueden, asimismo, crearse a partir del uso de herramientas automatizadas como los algoritmos, que tambi\u00e9n pueden facilitarse a trav\u00e9s de terceros. Para m\u00e1s informaci\u00f3n sobre las actividades de elaboraci\u00f3n de perfiles que se llevan a cabo, los Usuarios pueden consultar las secciones relevantes del presente documento.<br>Los Usuarios siempre tendr\u00e1n derecho a oponerse a este tipo de actividades de elaboraci\u00f3n de perfiles. Para m\u00e1s informaci\u00f3n sobre los derechos de los Usuarios y c\u00f3mo ejercer los mismos, el Usuario puede consultar la secci\u00f3n del presente documento donde se recogen los derechos del Usuario.<\/p>\n\n\n\n<h2 class=\"wp-block-heading\" id=\"rights_subjects\">Los derechos de los Usuarios<\/h2>\n\n\n\n<p>Los Usuarios podr\u00e1n ejercer ciertos derechos con respecto al tratamiento de Datos por parte del Titular.<\/p>\n\n\n\n<p>Especialmente, los Usuarios tienen derecho a hacer lo siguiente:<\/p>\n\n\n\n<ul class=\"wp-block-list\"><li><strong>Retirar su consentimiento en cualquier momento.<\/strong> Los Usuarios tienen derecho a retirar su consentimiento cuando lo hubieran concedido con anterioridad para el tratamiento de sus Datos Personales.<\/li><li><strong>Objeci\u00f3n al tratamiento de sus Datos.<\/strong> Los Usuarios tienen derecho a oponerse al tratamiento de sus Datos si dicho tratamiento se lleva a cabo con arreglo a una base jur\u00eddica distinta del consentimiento. Para m\u00e1s informaci\u00f3n pueden dirigirse a la secci\u00f3n correspondiente m\u00e1s adelante.<\/li><li><strong>Acceso a sus Datos.<\/strong> Los Usuarios tienen derecho a conocer si sus Datos ser\u00e1n tratados por el Titular, a obtener informaci\u00f3n sobre ciertos aspectos del tratamiento, adem\u00e1s de obtener una copia de los Datos objeto del tratamiento.<\/li><li><strong>Verificar y solicitar la modificaci\u00f3n.<\/strong> Los Usuarios tienen derecho a verificar la exactitud de sus Datos y solicitar que los mismos se actualicen o corrijan.<\/li><li><strong>Restringir el tratamiento de sus Datos.<\/strong> Los Usuarios tienen derecho, en ciertos supuestos, a restringir el tratamiento de sus Datos. En ese supuesto, el Titular procesar\u00e1 sus Datos con el \u00fanico prop\u00f3sito de almacenarlos.<\/li><li><strong>Borrar o eliminar los Datos Personales.<\/strong> Los Usuarios tienen derecho, en ciertos supuestos, a obtener la eliminaci\u00f3n de sus Datos por parte del Titular.<\/li><li><strong>Recibir sus Datos y transferirlos a otro responsable.<\/strong> Los Usuarios tienen derecho a recibir sus Datos en un formato est\u00e1ndar, estructurado, mec\u00e1nicamente legible y, si fuera t\u00e9cnicamente posible, a que se d\u00e9 traslado de los mismos a otro responsable sin ning\u00fan impedimento. Esta provisi\u00f3n ser\u00e1 de aplicaci\u00f3n siempre que los Datos se hayan tratado a trav\u00e9s de medios automatizados y que el tratamiento se base en el consentimiento del Usuario, en un contrato del que el Usuario forme parte o que aparezca en las obligaciones precontractuales del mismo.<\/li><li><strong>Poner una reclamaci\u00f3n.<\/strong> Los Usuarios tienen derecho a poner una reclamaci\u00f3n ante la autoridad competente en materia de protecci\u00f3n de datos de car\u00e1cter personal.<\/li><\/ul>\n\n\n\n<h3 class=\"wp-block-heading\" id=\"detalles-sobre-el-derecho-de-oposicion-al-tratamiento\">Detalles sobre el derecho de oposici\u00f3n al tratamiento<\/h3>\n\n\n\n<p>Cuando el tratamiento de los Datos Personales sea de inter\u00e9s p\u00fablico, en el ejercicio de competencias oficiales otorgadas al Titular o con motivo de un inter\u00e9s leg\u00edtimo del Titular, los Usuarios podr\u00e1n oponerse a dicho tratamiento explicando un motivo con relaci\u00f3n a su situaci\u00f3n particular para justificar su objeci\u00f3n.<\/p>\n\n\n\n<p>Los Usuarios deben saber que, sin embargo, en caso de que sus Datos Personales sean tratados con fines comerciales, pueden oponerse en cualquier momento a tal tratamiento sin necesidad de justificaci\u00f3n. Para saber si los Datos Personales de los Usuarios est\u00e1n siendo tratados por parte del Titular para fines comerciales, \u00e9stos deber\u00e1n consultar las secciones relevantes del presente documento.<\/p>\n\n\n\n<h3 class=\"wp-block-heading\" id=\"como-ejercer-estos-derechos\">C\u00f3mo ejercer estos derechos<\/h3>\n\n\n\n<p>Cualquier solicitud para ejercer los derechos del Usuario puede dirigirse al Titular a trav\u00e9s de los datos de contacto facilitados en el presente documento. Dichas solicitudes ser\u00e1n tramitadas por el Titular sin coste alguno tan pronto como le sea posible y siempre dentro del plazo de un mes.<\/p>\n\n\n\n<h2 class=\"wp-block-heading\" id=\"cookie_policy\">Pol\u00edtica de Cookies<\/h2>\n\n\n\n<p>Esta P\u00e1gina Web utiliza Rastreadores. Para obtener m\u00e1s informaci\u00f3n, el Usuario puede consultar la <a href=\"https:\/\/www.sanmarinointernational.com\/es\/cookie-policy\/\">Pol\u00edtica de Cookies<\/a>.<\/p>\n\n\n\n<h2 class=\"wp-block-heading\" id=\"further_data_processing_info\">Informaci\u00f3n adicional sobre la recogida de Datos y su tratamiento<\/h2>\n\n\n\n<h3 class=\"wp-block-heading\" id=\"defensa-juridica\">Defensa jur\u00eddica<\/h3>\n\n\n\n<p>Los Datos Personales del Usuario podr\u00e1n ser utilizados para la defensa jur\u00eddica del Titular ante un tribunal o en las fases judiciales previas a un posible pleito derivado del uso inapropiado de esta P\u00e1gina Web o de los Servicios relacionados.<br>El Usuario declara conocer que el Titular puede ser requerido por las autoridades p\u00fablicas a fin de revelar Datos Personales.<\/p>\n\n\n\n<h3 class=\"wp-block-heading\" id=\"informacion-adicional-acerca-de-los-datos-personales-del-usuario\">Informaci\u00f3n adicional acerca de los Datos Personales del Usuario<\/h3>\n\n\n\n<p>Adem\u00e1s de las informaciones contenidas en esta pol\u00edtica de privacidad, esta P\u00e1gina Web podr\u00e1 proporcionar al Usuario informaci\u00f3n adicional y contextual relativa a Servicios espec\u00edficos o a la recogida y tratamiento de los Datos Personales.<\/p>\n\n\n\n<h3 class=\"wp-block-heading\" id=\"log-del-sistema-y-mantenimiento\">Log del sistema y mantenimiento<\/h3>\n\n\n\n<p>Por motivos relativos al funcionamiento y mantenimiento, esta P\u00e1gina Web y cualquier otro servicio, proporcionado por terceros, que se utilice, podr\u00e1 recoger un registro del sistema; es decir, archivos que registren la interacci\u00f3n con esta P\u00e1gina Web y que puedan contener Datos Personales, tales como la direcci\u00f3n IP del Usuario.<\/p>\n\n\n\n<h3 class=\"wp-block-heading\" id=\"informacion-no-contenida-en-esta-politica-de-privacidad\">Informaci\u00f3n no contenida en esta pol\u00edtica de privacidad<\/h3>\n\n\n\n<p>Se podr\u00e1 solicitar en cualquier momento informaci\u00f3n adicional sobre la recogida y el tratamiento de los Datos Personales al Titular. La informaci\u00f3n de contacto se indica al inicio del presente documento.<\/p>\n\n\n\n<h3 class=\"wp-block-heading\" id=\"como-se-procesan-las-solicitudes-do-not-track\">C\u00f3mo se procesan las solicitudes \u201cDo Not Track\u201d<\/h3>\n\n\n\n<p>Esta P\u00e1gina Web no permite solicitudes \u201cDo Not Track\u201d.<br>Para determinar si cualquiera de los servicios de terceros que utiliza acepta solicitudes \u201cDo Not Track\u201d, por favor lea sus pol\u00edticas de privacidad.<\/p>\n\n\n\n<h3 class=\"wp-block-heading\" id=\"modificacion-de-la-presente-politica-de-privacidad\">Modificaci\u00f3n de la presente pol\u00edtica de privacidad<\/h3>\n\n\n\n<p>El Titular se reserva el derecho de modificar esta pol\u00edtica de privacidad en cualquier momento, notific\u00e1ndolo a los Usuarios a trav\u00e9s de esta p\u00e1gina y, a ser posible, a trav\u00e9s de esta P\u00e1gina Web y\/o de ser t\u00e9cnica y legalmente posible notificando directamente a los Usuarios, en caso de que el Titular cuente con la informaci\u00f3n de contacto necesaria a tal fin. Se recomienda encarecidamente que revisen esta p\u00e1gina con frecuencia, tomando como referencia la fecha de la \u00faltima actualizaci\u00f3n indicada al final de la p\u00e1gina.<\/p>\n\n\n\n<p>En el caso de que los cambios afectasen a las actividades de tratamiento realizadas en base al consentimiento del Usuario, el Titular deber\u00e1 obtener, si fuera necesario, el nuevo consentimiento del Usuario.<\/p>\n\n\n\n<h3 class=\"wp-block-heading\" id=\"definitions_and_legal_references\">Definiciones y referencias legales<\/h3>\n\n\n\n<h4 class=\"wp-block-heading\" id=\"datos-personales-o-datos\">Datos Personales (o Datos)<\/h4>\n\n\n\n<p>Constituye un dato personal cualquier informaci\u00f3n que, directa, indirectamente o en relaci\u00f3n con otra informaci\u00f3n \u2013 incluyendo un n\u00famero de identificaci\u00f3n personal \u2013 permita identificar a una persona f\u00edsica.<\/p>\n\n\n\n<h4 class=\"wp-block-heading\" id=\"datos-de-uso\">Datos de Uso<\/h4>\n\n\n\n<p>Las informaciones recogidas de forma autom\u00e1tica por esta P\u00e1gina Web (o por servicios de terceros utilizados por esta P\u00e1gina Web), podr\u00e1n incluir: las direcciones IP o nombres de dominio de los ordenadores utilizados por el Usuario que se conecte a esta P\u00e1gina Web, las direcciones URI (Uniform Resource Identifier), la hora de la solicitud, el m\u00e9todo utilizado para realizar la solicitud al servidor, las dimensiones del archivo obtenido en respuesta, el c\u00f3digo num\u00e9rico indicando el estado de la respuesta del servidor (resultado satisfactorio, error, etc.), el pa\u00eds de origen, las caracter\u00edsticas del navegador y del sistema operativo utilizados por el visitante, las diversas coordenadas temporales de la visita (por ejemplo, el tiempo de permanencia en cada una de las p\u00e1ginas) y los detalles relativos al itinerario seguido dentro de la Aplicaci\u00f3n, con especial referencia a la secuencia de p\u00e1ginas consultadas, a los par\u00e1metros relativos al sistema operativo y al entorno inform\u00e1tico del Usuario.<\/p>\n\n\n\n<h4 class=\"wp-block-heading\" id=\"usuario\">Usuario<\/h4>\n\n\n\n<p>El individuo que utilice esta P\u00e1gina Web, quien, a menos que se indique lo contrario deber\u00e1 coincidir con el Interesado.<\/p>\n\n\n\n<h4 class=\"wp-block-heading\" id=\"interesado\">Interesado<\/h4>\n\n\n\n<p>La persona f\u00edsica a la que se refieren los Datos Personales.<\/p>\n\n\n\n<h4 class=\"wp-block-heading\" id=\"encargado-del-tratamiento-o-supervisor-de-datos\">Encargado del Tratamiento (o Supervisor de Datos)<\/h4>\n\n\n\n<p>La persona f\u00edsica o jur\u00eddica, administraci\u00f3n p\u00fablica, agencia o cualquier otra instituci\u00f3n, que procese los Datos Personales en nombre del Responsable del Tratamiento, descrita en la presente pol\u00edtica de privacidad.<\/p>\n\n\n\n<h4 class=\"wp-block-heading\" id=\"responsable-del-tratamiento-o-titular\">Responsable del Tratamiento (o Titular)<\/h4>\n\n\n\n<p>La persona f\u00edsica o jur\u00eddica, administraci\u00f3n p\u00fablica, agencia o cualquier otra instituci\u00f3n, que actuando en solitario o conjuntamente con otras, determine las finalidades y las medidas del tratamiento de los Datos Personales, incluyendo las medidas de seguridad relativas al funcionamiento y al uso de esta P\u00e1gina Web. A menos que se especifique lo contrario, el Responsable del Tratamiento es el Titular de esta P\u00e1gina Web.<\/p>\n\n\n\n<h4 class=\"wp-block-heading\" id=\"esta-pagina-web-o-esta-aplicacion\">Esta P\u00e1gina Web (o esta Aplicaci\u00f3n)<\/h4>\n\n\n\n<p>El medio a trav\u00e9s del cual se han recogido y tratado los Datos Personales del Usuario.<\/p>\n\n\n\n<h4 class=\"wp-block-heading\" id=\"servicio\">Servicio<\/h4>\n\n\n\n<p>El servicio proporcionado por esta P\u00e1gina Web, tal y como se describe en las definiciones y referencias legales (en caso de estar disponibles) y en esta p\u00e1gina o aplicaci\u00f3n.<\/p>\n\n\n\n<h4 class=\"wp-block-heading\" id=\"union-europea-o-ue\">Uni\u00f3n Europea (o UE)<\/h4>\n\n\n\n<p>A menos que se indique lo contrario, todas las referencias hechas a la Uni\u00f3n Europea en el presente documento incluyen todos los actuales Estados miembros de la Uni\u00f3n Europea y del Espacio Econ\u00f3mico Europeo.<\/p>\n\n\n\n<h4 class=\"wp-block-heading\" id=\"cookie\">Cookie<\/h4>\n\n\n\n<p>Las Cookies son Rastreadores que consisten en peque\u00f1as cantidades de datos almacenados en el navegador del Usuario.<\/p>\n\n\n\n<h4 class=\"wp-block-heading\" id=\"rastreador\">Rastreador<\/h4>\n\n\n\n<p>Rastreador designa cualquier tecnolog\u00eda &#8211; p.ej. Cookies, identificadores \u00fanicos, balizas web, scripts incrustados, etiquetas de entidad y creaci\u00f3n de huella digital &#8211; que permite rastrear a los Usuarios, por ejemplo, accediendo a informaci\u00f3n o almacen\u00e1ndola en el dispositivo del Usuario.<\/p>\n\n\n\n<hr class=\"wp-block-separator\"\/>\n\n\n\n<h4 class=\"wp-block-heading\" id=\"informacion-legal\">Informaci\u00f3n legal<\/h4>\n\n\n\n<p>Esta pol\u00edtica de privacidad se ha redactado en base a las provisiones de m\u00faltiples legislaciones, incluyendo los Arts. 13 y14 del Reglamento (UE) 2016\/679 (Reglamento general de protecci\u00f3n de datos).<\/p>\n\n\n\n<p>Esta pol\u00edtica de privacidad se refiere s\u00f3lo a esta P\u00e1gina Web, a menos que se indique lo contrario en el presente documento.<\/p>\n\n\n\n<p>\u00daltima revisi\u00f3n: 15 diciembre 2022<\/p>\n\n\n\n<p><\/p>\n\n\n\n<p class=\"has-text-align-right\"><a href=\"https:\/\/www.sanmarinointernational.com\/es\/simplified-privacy-policy-of-sanmarinointernational-com\/\">Muestra la pol\u00edtica de privacidad simplificada<\/a><\/p>\n","protected":false},"excerpt":{"rendered":"<p>Pol\u00edtica de privacidad de sanmarinointernational.com Esta P\u00e1gina Web recoge algunos Datos Personales de sus Usuarios. El presente documento puede imprimirse como referencia utilizando el comando de impresi\u00f3n en las opciones de configuraci\u00f3n de cualquier navegador. Titular.<\/p>\n","protected":false},"author":1,"featured_media":0,"parent":0,"menu_order":0,"comment_status":"closed","ping_status":"closed","template":"","meta":{"content-type":"","_uag_custom_page_level_css":"","footnotes":""},"class_list":["post-1475","page","type-page","status-publish","hentry"],"yoast_head":"<!-- This site is optimized with the Yoast SEO plugin v27.5 - https:\/\/yoast.com\/product\/yoast-seo-wordpress\/ -->\n<title>Pol\u00edtica de privacidad - San Marino International<\/title>\n<meta name=\"description\" content=\"Tour Operator gruppi Italia ed Europa\" \/>\n<meta name=\"robots\" content=\"index, follow, max-snippet:-1, max-image-preview:large, max-video-preview:-1\" \/>\n<link rel=\"canonical\" href=\"https:\/\/www.sanmarinointernational.com\/es\/privacy-policy\/\" \/>\n<meta property=\"og:locale\" content=\"es_ES\" \/>\n<meta property=\"og:type\" content=\"article\" \/>\n<meta property=\"og:title\" content=\"Pol\u00edtica de privacidad - San Marino International\" \/>\n<meta property=\"og:description\" content=\"Tour Operator gruppi Italia ed Europa\" \/>\n<meta property=\"og:url\" content=\"https:\/\/www.sanmarinointernational.com\/es\/privacy-policy\/\" \/>\n<meta property=\"og:site_name\" content=\"San Marino International\" \/>\n<meta property=\"article:publisher\" content=\"https:\/\/www.facebook.com\/internationalrsm\" \/>\n<meta property=\"article:modified_time\" content=\"2022-02-19T09:45:40+00:00\" \/>\n<meta name=\"twitter:card\" content=\"summary_large_image\" \/>\n<script type=\"application\/ld+json\" class=\"yoast-schema-graph\">{\"@context\":\"https:\\\/\\\/schema.org\",\"@graph\":[{\"@type\":\"WebPage\",\"@id\":\"https:\\\/\\\/www.sanmarinointernational.com\\\/es\\\/privacy-policy\\\/\",\"url\":\"https:\\\/\\\/www.sanmarinointernational.com\\\/es\\\/privacy-policy\\\/\",\"name\":\"Pol\u00edtica de privacidad - San Marino International\",\"isPartOf\":{\"@id\":\"https:\\\/\\\/www.sanmarinointernational.com\\\/es\\\/#website\"},\"datePublished\":\"2020-12-15T17:53:17+00:00\",\"dateModified\":\"2022-02-19T09:45:40+00:00\",\"description\":\"Tour Operator gruppi Italia ed Europa\",\"breadcrumb\":{\"@id\":\"https:\\\/\\\/www.sanmarinointernational.com\\\/es\\\/privacy-policy\\\/#breadcrumb\"},\"inLanguage\":\"es\",\"potentialAction\":[{\"@type\":\"ReadAction\",\"target\":[\"https:\\\/\\\/www.sanmarinointernational.com\\\/es\\\/privacy-policy\\\/\"]}]},{\"@type\":\"BreadcrumbList\",\"@id\":\"https:\\\/\\\/www.sanmarinointernational.com\\\/es\\\/privacy-policy\\\/#breadcrumb\",\"itemListElement\":[{\"@type\":\"ListItem\",\"position\":1,\"name\":\"Home\",\"item\":\"https:\\\/\\\/www.sanmarinointernational.com\\\/es\\\/\"},{\"@type\":\"ListItem\",\"position\":2,\"name\":\"Pol\u00edtica de privacidad\"}]},{\"@type\":\"WebSite\",\"@id\":\"https:\\\/\\\/www.sanmarinointernational.com\\\/es\\\/#website\",\"url\":\"https:\\\/\\\/www.sanmarinointernational.com\\\/es\\\/\",\"name\":\"San Marino International\",\"description\":\"Solo Gruppi Italia Europa\",\"publisher\":{\"@id\":\"https:\\\/\\\/www.sanmarinointernational.com\\\/es\\\/#organization\"},\"potentialAction\":[{\"@type\":\"SearchAction\",\"target\":{\"@type\":\"EntryPoint\",\"urlTemplate\":\"https:\\\/\\\/www.sanmarinointernational.com\\\/es\\\/?s={search_term_string}\"},\"query-input\":{\"@type\":\"PropertyValueSpecification\",\"valueRequired\":true,\"valueName\":\"search_term_string\"}}],\"inLanguage\":\"es\"},{\"@type\":\"Organization\",\"@id\":\"https:\\\/\\\/www.sanmarinointernational.com\\\/es\\\/#organization\",\"name\":\"San Marino International srl\",\"url\":\"https:\\\/\\\/www.sanmarinointernational.com\\\/es\\\/\",\"logo\":{\"@type\":\"ImageObject\",\"inLanguage\":\"es\",\"@id\":\"https:\\\/\\\/www.sanmarinointernational.com\\\/es\\\/#\\\/schema\\\/logo\\\/image\\\/\",\"url\":\"https:\\\/\\\/www.sanmarinointernational.com\\\/wp-content\\\/uploads\\\/2020\\\/11\\\/CompletoTavola-disegno-2144.png\",\"contentUrl\":\"https:\\\/\\\/www.sanmarinointernational.com\\\/wp-content\\\/uploads\\\/2020\\\/11\\\/CompletoTavola-disegno-2144.png\",\"width\":121,\"height\":144,\"caption\":\"San Marino International srl\"},\"image\":{\"@id\":\"https:\\\/\\\/www.sanmarinointernational.com\\\/es\\\/#\\\/schema\\\/logo\\\/image\\\/\"},\"sameAs\":[\"https:\\\/\\\/www.facebook.com\\\/internationalrsm\",\"https:\\\/\\\/www.instagram.com\\\/sanmarinointernational\\\/\",\"https:\\\/\\\/www.linkedin.com\\\/company\\\/san-marino-international\\\/\"]}]}<\/script>\n<!-- \/ Yoast SEO plugin. -->","yoast_head_json":{"title":"Pol\u00edtica de privacidad - San Marino International","description":"Tour Operator gruppi Italia ed Europa","robots":{"index":"index","follow":"follow","max-snippet":"max-snippet:-1","max-image-preview":"max-image-preview:large","max-video-preview":"max-video-preview:-1"},"canonical":"https:\/\/www.sanmarinointernational.com\/es\/privacy-policy\/","og_locale":"es_ES","og_type":"article","og_title":"Pol\u00edtica de privacidad - San Marino International","og_description":"Tour Operator gruppi Italia ed Europa","og_url":"https:\/\/www.sanmarinointernational.com\/es\/privacy-policy\/","og_site_name":"San Marino International","article_publisher":"https:\/\/www.facebook.com\/internationalrsm","article_modified_time":"2022-02-19T09:45:40+00:00","twitter_card":"summary_large_image","schema":{"@context":"https:\/\/schema.org","@graph":[{"@type":"WebPage","@id":"https:\/\/www.sanmarinointernational.com\/es\/privacy-policy\/","url":"https:\/\/www.sanmarinointernational.com\/es\/privacy-policy\/","name":"Pol\u00edtica de privacidad - San Marino International","isPartOf":{"@id":"https:\/\/www.sanmarinointernational.com\/es\/#website"},"datePublished":"2020-12-15T17:53:17+00:00","dateModified":"2022-02-19T09:45:40+00:00","description":"Tour Operator gruppi Italia ed Europa","breadcrumb":{"@id":"https:\/\/www.sanmarinointernational.com\/es\/privacy-policy\/#breadcrumb"},"inLanguage":"es","potentialAction":[{"@type":"ReadAction","target":["https:\/\/www.sanmarinointernational.com\/es\/privacy-policy\/"]}]},{"@type":"BreadcrumbList","@id":"https:\/\/www.sanmarinointernational.com\/es\/privacy-policy\/#breadcrumb","itemListElement":[{"@type":"ListItem","position":1,"name":"Home","item":"https:\/\/www.sanmarinointernational.com\/es\/"},{"@type":"ListItem","position":2,"name":"Pol\u00edtica de privacidad"}]},{"@type":"WebSite","@id":"https:\/\/www.sanmarinointernational.com\/es\/#website","url":"https:\/\/www.sanmarinointernational.com\/es\/","name":"San Marino International","description":"Solo Gruppi Italia Europa","publisher":{"@id":"https:\/\/www.sanmarinointernational.com\/es\/#organization"},"potentialAction":[{"@type":"SearchAction","target":{"@type":"EntryPoint","urlTemplate":"https:\/\/www.sanmarinointernational.com\/es\/?s={search_term_string}"},"query-input":{"@type":"PropertyValueSpecification","valueRequired":true,"valueName":"search_term_string"}}],"inLanguage":"es"},{"@type":"Organization","@id":"https:\/\/www.sanmarinointernational.com\/es\/#organization","name":"San Marino International srl","url":"https:\/\/www.sanmarinointernational.com\/es\/","logo":{"@type":"ImageObject","inLanguage":"es","@id":"https:\/\/www.sanmarinointernational.com\/es\/#\/schema\/logo\/image\/","url":"https:\/\/www.sanmarinointernational.com\/wp-content\/uploads\/2020\/11\/CompletoTavola-disegno-2144.png","contentUrl":"https:\/\/www.sanmarinointernational.com\/wp-content\/uploads\/2020\/11\/CompletoTavola-disegno-2144.png","width":121,"height":144,"caption":"San Marino International srl"},"image":{"@id":"https:\/\/www.sanmarinointernational.com\/es\/#\/schema\/logo\/image\/"},"sameAs":["https:\/\/www.facebook.com\/internationalrsm","https:\/\/www.instagram.com\/sanmarinointernational\/","https:\/\/www.linkedin.com\/company\/san-marino-international\/"]}]}},"uagb_featured_image_src":{"full":false,"thumbnail":false,"medium":false,"medium_large":false,"large":false,"1536x1536":false,"2048x2048":false},"uagb_author_info":{"display_name":"SMI","author_link":"https:\/\/www.sanmarinointernational.com\/es\/author\/admin2417\/"},"uagb_comment_info":0,"uagb_excerpt":"Pol\u00edtica de privacidad de sanmarinointernational.com Esta P\u00e1gina Web recoge algunos Datos Personales de sus Usuarios. El presente documento puede imprimirse como referencia utilizando el comando de impresi\u00f3n en las opciones de configuraci\u00f3n de cualquier navegador. Titular.","_links":{"self":[{"href":"https:\/\/www.sanmarinointernational.com\/es\/wp-json\/wp\/v2\/pages\/1475","targetHints":{"allow":["GET"]}}],"collection":[{"href":"https:\/\/www.sanmarinointernational.com\/es\/wp-json\/wp\/v2\/pages"}],"about":[{"href":"https:\/\/www.sanmarinointernational.com\/es\/wp-json\/wp\/v2\/types\/page"}],"author":[{"embeddable":true,"href":"https:\/\/www.sanmarinointernational.com\/es\/wp-json\/wp\/v2\/users\/1"}],"replies":[{"embeddable":true,"href":"https:\/\/www.sanmarinointernational.com\/es\/wp-json\/wp\/v2\/comments?post=1475"}],"version-history":[{"count":0,"href":"https:\/\/www.sanmarinointernational.com\/es\/wp-json\/wp\/v2\/pages\/1475\/revisions"}],"wp:attachment":[{"href":"https:\/\/www.sanmarinointernational.com\/es\/wp-json\/wp\/v2\/media?parent=1475"}],"curies":[{"name":"wp","href":"https:\/\/api.w.org\/{rel}","templated":true}]}}